{"id":12835,"date":"2020-02-10T16:06:31","date_gmt":"2020-02-10T15:06:31","guid":{"rendered":"https:\/\/www.aktion-weitblick.de\/standorte\/wohngemeinschaft-suarezstrasse\/"},"modified":"2026-02-12T09:28:21","modified_gmt":"2026-02-12T08:28:21","slug":"wohngemeinschaft-suarezstrasse","status":"publish","type":"weit_location","link":"https:\/\/www.aktion-weitblick.de\/ls\/standorte\/wohngemeinschaft-suarezstrasse\/","title":{"rendered":"WG Hecker\u00b7damm"},"content":{"rendered":"<p>Willkommen in der Wohn\u00b7gemeinschaft Hecker\u00b7damm.<\/p>\n<h2 id=\"wer-wohnt-hier\"><strong>Wer wohnt hier?<\/strong><\/h2>\n<ul>\n<li>Menschen mit Lern\u00b7schwierigkeiten und leichter geistiger Beeintr\u00e4chtigung.<br \/>Sie sind zwischen 18 und 40 Jahren alt.<\/li>\n<li>Menschen mit hohem psycho\u00b7sozialem Unterst\u00fctzungs\u00b7bedarf<\/li>\n<li>Menschen, die in manchen Bereichen selbst\u00b7st\u00e4ndig sind.<br \/>Im allt\u00e4glichen Leben.<\/li>\n<li>Menschen mit Tages\u00b7struktur au\u00dfer\u00b7halb.<br \/>Menschen ohne Tages\u00b7struktur au\u00dfer\u00b7halb.<\/li>\n<\/ul>\n<h2 id=\"raume\"><strong>R\u00e4ume <\/strong><\/h2>\n<p>Die Wohn\u00b7gemeinschaft ist im Erd\u00b7geschoss und im 1. Stock\u00b7werk.<\/p>\n<ul>\n<li>6 Einzel\u00b7zimmer: 15 bis 18 Quadrat\u00b7meter<\/li>\n<li>Gemeinschafts\u00b7raum mit integrierter K\u00fcche<\/li>\n<li>Terrasse anschlie\u00dfend an den Gemeinschafts\u00b7raum<\/li>\n<li>Gro\u00dfer Flur<\/li>\n<li>Die Wohnungen sind nicht barriere\u00b7frei.<\/li>\n<\/ul>\n<h2 id=\"ausstattung\"><strong>Ausstattung <\/strong><\/h2>\n<ul>\n<li>Geschirrsp\u00fcl\u00b7maschine<\/li>\n<li>2 Wasch\u00b7maschinen<\/li>\n<li>TV-Kabelanschluss<\/li>\n<li>Telefon<\/li>\n<\/ul>\n<h2 id=\"so-leben-wir-hier\"><strong>So leben wir hier<\/strong><\/h2>\n<p>Die Bewohner und Bewohnerinnen in unserer Wohn\u00b7gemeinschaft werden betreut.<br \/>Das ist montags bis freitags tags\u00b7\u00fcber.<br \/>Am Wochen\u00b7ende findet Betreuung nur nach Absprache und Bedarf statt.<br \/>In Krisen\u00b7zeiten sind die Mitarbeitenden aber auch in den Abend\u00b7stunden und am Wochen\u00b7ende telefonisch erreichbar.<br \/>Das muss abgesprochen werden.  <\/p>\n<p>Einmal in der Woche ist eine WG-Sitzung. Alle nehmen teil.<\/p>\n<h2 id=\"freizeit-pur\"><strong>Freizeit pur<\/strong><\/h2>\n<p>In der Umgebung vom Hecker\u00b7damm gibt es viele Freizeit\u00b7m\u00f6glichkeiten.<br \/>Der Volks\u00b7park Jungfern\u00b7heide ist direkt gegen\u00fcber auf der anderen Stra\u00dfen\u00b7seite.<br \/>Er bietet viele Angebote zur Freizeit\u00b7gestaltung.<br \/>Auch der Schloss\u00b7garten Charlottenburg ist in erreichbarer N\u00e4he.<br \/>Er kann auch f\u00fcr Spazierg\u00e4nge genutzt werden.  <\/p>\n<p>Wir sind als Gemeinschaft eher Individualisten.<br \/>Deshalb haben wir selten gemeinsame Unternehmungen.<br \/>Aber es gibt eine Tradition, die wir nie missen lassen:<br \/>Unser gemeinsames Weihnachts\u00b7essen.<br \/>Nat\u00fcrlich finden immer wieder kleinere Aktivit\u00e4ten statt.<br \/>Das ist nach Lust und Laune. <\/p>\n<h2 id=\"die-umgebung\"><strong>Die Umgebung<\/strong><\/h2>\n<p>Die Wohn\u00b7gemeinschaft Hecker\u00b7damm ist gut mit \u00f6ffentlichen Verkehrs\u00b7mitteln erreichbar.<br \/>Mehrere Bus\u00b7verbindungen sind per Fu\u00df\u00b7weg zu erreichen:<br \/>M21, 109, 123, X21, N7<br \/>Auch der U-Bahnhof Jakob-Kaiser-Platz (U7) ist per Fu\u00df\u00b7weg zu erreichen.<br \/>Das sichert eine gute Verkehrs\u00b7anbindung.<br \/>Am nahe\u00b7gelegenen S-Bahnhof Jungfern\u00b7heide verkehren 4 Regional\u00b7zug\u00b7verbindungen.<br \/>Sowie 2 Linien der S-Bahn.  <\/p>\n<p>Mehrere Lebensmittel\u00b7super\u00b7m\u00e4rkte, Banken, Spar\u00b7kassen und die Post sind zu Fu\u00df erreichbar.<br \/>Das dauert etwa 10 bis 15 Minuten.<\/p>\n<p>In fu\u00df\u00b7l\u00e4ufiger Entfernung sind Arzt\u00b7praxen verschiedener Fach\u00b7richtungen.<br \/>Auch 2 nahe\u00b7gelegene Kranken\u00b7h\u00e4user stehen f\u00fcr die \u00e4rztliche Versorgung zur Verf\u00fcgung:<br \/>Schlo\u00df\u00b7park-Klinik und DRK-Klinik-Westend. <\/p>\n","protected":false},"excerpt":{"rendered":"<p>Willkommen in der Wohn\u00b7gemeinschaft Hecker\u00b7damm. Wer wohnt hier? Menschen mit Lern\u00b7schwierigkeiten und leichter geistiger Beeintr\u00e4chtigung.Sie sind zwischen 18 und 40 Jahren alt. Menschen mit hohem psycho\u00b7sozialem Unterst\u00fctzungs\u00b7bedarf Menschen, die in manchen Bereichen selbst\u00b7st\u00e4ndig sind.Im allt\u00e4glichen Leben. Menschen mit Tages\u00b7struktur au\u00dfer\u00b7halb.Menschen ohne Tages\u00b7struktur au\u00dfer\u00b7halb. R\u00e4ume Die Wohn\u00b7gemeinschaft ist im Erd\u00b7geschoss und im 1. Stock\u00b7werk. 6 Einzel\u00b7zimmer: [&hellip;]<\/p>\n","protected":false},"featured_media":12043,"template":"","weit_location_category":[273],"class_list":["post-12835","weit_location","type-weit_location","status-publish","has-post-thumbnail","hentry","weit_location_category-charlottenburg"],"acf":[],"_links":{"self":[{"href":"https:\/\/www.aktion-weitblick.de\/ls\/wp-json\/wp\/v2\/weit_locations\/12835","targetHints":{"allow":["GET"]}}],"collection":[{"href":"https:\/\/www.aktion-weitblick.de\/ls\/wp-json\/wp\/v2\/weit_locations"}],"about":[{"href":"https:\/\/www.aktion-weitblick.de\/ls\/wp-json\/wp\/v2\/types\/weit_location"}],"version-history":[{"count":2,"href":"https:\/\/www.aktion-weitblick.de\/ls\/wp-json\/wp\/v2\/weit_locations\/12835\/revisions"}],"predecessor-version":[{"id":13405,"href":"https:\/\/www.aktion-weitblick.de\/ls\/wp-json\/wp\/v2\/weit_locations\/12835\/revisions\/13405"}],"wp:featuredmedia":[{"embeddable":true,"href":"https:\/\/www.aktion-weitblick.de\/ls\/wp-json\/wp\/v2\/media\/12043"}],"wp:attachment":[{"href":"https:\/\/www.aktion-weitblick.de\/ls\/wp-json\/wp\/v2\/media?parent=12835"}],"wp:term":[{"taxonomy":"weit_location_category","embeddable":true,"href":"https:\/\/www.aktion-weitblick.de\/ls\/wp-json\/wp\/v2\/weit_location_category?post=12835"}],"curies":[{"name":"wp","href":"https:\/\/api.w.org\/{rel}","templated":true}]}}