{"id":12831,"date":"2020-02-19T17:19:18","date_gmt":"2020-02-19T16:19:18","guid":{"rendered":"https:\/\/www.aktion-weitblick.de\/standorte\/wohngemeinschaft-wendehalsweg\/"},"modified":"2025-12-18T23:09:48","modified_gmt":"2025-12-18T22:09:48","slug":"wohngemeinschaft-wendehalsweg","status":"publish","type":"weit_location","link":"https:\/\/www.aktion-weitblick.de\/ls\/standorte\/wohngemeinschaft-wendehalsweg\/","title":{"rendered":"WG Wendehals\u00b7weg"},"content":{"rendered":"<p>Willkommen in der Wohn\u00b7gemeinschaft Wendehals\u00b7weg.<\/p>\n<h2 id=\"wer-wohnt-hier\"><strong>Wer wohnt hier?<\/strong><\/h2>\n<ul>\n<li>6 Menschen mit Lernsch\u00b7wierigkeiten im Alter zwischen 20 und 50 Jahren<\/li>\n<li>Menschen mit zus\u00e4tzlichen psychischen Beeintr\u00e4chtigungen<\/li>\n<li>Menschen mit oder ohne externer Tages\u00b7struktur<\/li>\n<\/ul>\n<h2 id=\"raume\"><strong>R\u00e4ume <\/strong><\/h2>\n<p>Die Wohn\u00b7gemeinschaft ist im Erd\u00b7geschoss und im ersten Ober\u00b7geschoss.<\/p>\n<ul>\n<li>Wohnung auf zwei Etagen verteilt<\/li>\n<li>EG mit 4 WG Zimmern und gro\u00dfem Wohn\u00b7zimmer<\/li>\n<li>OG mit 2 WG Zimmern, K\u00fcche, Ess\u00b7bereich<\/li>\n<li>Betreuer\u00b7b\u00fcro<\/li>\n<li>3 Bade\u00b7zimmer<\/li>\n<li>Eigener Keller mit Wasch\u00b7k\u00fcche und Fahrrad\u00b7bereich<\/li>\n<li>Balkon im OG<\/li>\n<li>Kleiner Garten mit Terrassen\u00b7bereich<\/li>\n<li>Nicht barrierefrei<\/li>\n<\/ul>\n<h2 id=\"ausstattung\"><strong>Ausstattung <\/strong><\/h2>\n<ul>\n<li>2 Wasch\u00b7maschinen<\/li>\n<li>2 Kochherde<\/li>\n<li>Mikrowelle<\/li>\n<li>Fernseh\u00b7anschluss im Zimmer<\/li>\n<li>PC mit Internet (Betreuerb\u00fcro)<\/li>\n<\/ul>\n<h2 id=\"so-leben-wir-hier\"><strong>So leben wir hier<\/strong><\/h2>\n<p>Die Bewohner und Bewohnerinnen in unserer Wohn\u00b7gemeinschaft werden t\u00e4glich betreut.<br \/>Au\u00dfer an den Wochen\u00b7enden.<br \/>Die Betreuung ist nachmittags bis abends.<\/p>\n<p>Einmal in der Woche nehmen wir alle an der Gruppen\u00b7sitzung teil.<br \/>Auch in der Koch\u00b7gruppe fasst jeder mit an.<br \/>Unser Putz\u00b7plan wechselt jede Woche.<br \/>So ist jeder Mitbewohner und jede Mitbewohnerin mal dran mit dem Sauber\u00b7machen.<br \/>F\u00fcr die daf\u00fcr n\u00f6tigen Putz\u00b7mittel haben wir eine Haushalts\u00b7kasse.   <\/p>\n<p>Unsere Lebens\u00b7mittel kaufen wir selbst ein.<br \/>Wer Unterst\u00fctzung dabei braucht, kann eine betreuende Person an\u00b7sprechen.<br \/>Manchmal haben wir auch Fragen.<br \/>Zum Beispiel wie man Geld gut ein\u00b7teilt.<br \/>Oder wie man einen Arbeits\u00b7platz findet.<br \/>Oder \u00e4hnliche Sachen im Alltag.<br \/>Die assistenz\u00b7gebenden Personen unterst\u00fctzen uns dann dabei.  <\/p>\n<h2 id=\"freizeit-pur\"><strong>Freizeit pur<\/strong><\/h2>\n<p>Spiel\u00b7landschaften, Veranstaltungen oder spazieren gehen entlang der Seen\u00b7landschaften und Bach\u00b7l\u00e4ufe \u2013 im nahe\u00b7gelegenen Britzer Garten ist das alles m\u00f6glich.<br \/>Auch ein Caf\u00e9 und Restaurants finden sich dort.<br \/>Und noch ein Park lockt mit seinem Gr\u00fcn:<br \/>Die K\u00f6nigs\u00b7heide.  <\/p>\n<p>Wer es etwas aktiver mag und gerne schwimmen geht, ist im Sport\u00b7bad Britz gut aufgehoben.<br \/>Im Sommer kann man auch das k\u00fchle Nass im Frei\u00b7bad genie\u00dfen. <\/p>\n<p>Nicht zu vergessen:<br \/>Das UCI Luxe mit mehreren Kino\u00b7s\u00e4len.<br \/>Und die Gropius-Passagen, in denen nach Herzens\u00b7lust geshoppt werden kann. <\/p>\n<h2 id=\"die-umgebung\"><strong>Die Umgebung<\/strong><\/h2>\n<p>In etwa 10 Minuten Fu\u00df\u00b7weg gibt es g\u00fcnstige Super\u00b7m\u00e4rkte.<br \/>Nach 15 Minuten erreicht man eine Apotheke.<br \/>Die Gropius\u00b7passagen sind 20 Minuten zu Fu\u00df entfernt.<br \/>Dort gibt es Banken, Restaurants und zahlreiche Einkaufs\u00b7m\u00f6glichkeiten.  <\/p>\n<p>In der N\u00e4he gibt es auch:<\/p>\n<ul>\n<li>Arzt\u00b7praxen<\/li>\n<li>Apotheke<\/li>\n<li>Vivantes Klinikum Neuk\u00f6lln<\/li>\n<\/ul>\n<p>Die n\u00e4chste Bus\u00b7haltestelle erreicht man zu Fu\u00df nach 10 Minuten.<\/p>\n","protected":false},"excerpt":{"rendered":"<p>Willkommen in der Wohn\u00b7gemeinschaft Wendehals\u00b7weg. Wer wohnt hier? 6 Menschen mit Lernsch\u00b7wierigkeiten im Alter zwischen 20 und 50 Jahren Menschen mit zus\u00e4tzlichen psychischen Beeintr\u00e4chtigungen Menschen mit oder ohne externer Tages\u00b7struktur R\u00e4ume Die Wohn\u00b7gemeinschaft ist im Erd\u00b7geschoss und im ersten Ober\u00b7geschoss. Wohnung auf zwei Etagen verteilt EG mit 4 WG Zimmern und gro\u00dfem Wohn\u00b7zimmer OG mit [&hellip;]<\/p>\n","protected":false},"featured_media":12043,"template":"","weit_location_category":[270],"class_list":["post-12831","weit_location","type-weit_location","status-publish","has-post-thumbnail","hentry","weit_location_category-neukoelln"],"acf":[],"_links":{"self":[{"href":"https:\/\/www.aktion-weitblick.de\/ls\/wp-json\/wp\/v2\/weit_locations\/12831","targetHints":{"allow":["GET"]}}],"collection":[{"href":"https:\/\/www.aktion-weitblick.de\/ls\/wp-json\/wp\/v2\/weit_locations"}],"about":[{"href":"https:\/\/www.aktion-weitblick.de\/ls\/wp-json\/wp\/v2\/types\/weit_location"}],"version-history":[{"count":2,"href":"https:\/\/www.aktion-weitblick.de\/ls\/wp-json\/wp\/v2\/weit_locations\/12831\/revisions"}],"predecessor-version":[{"id":12994,"href":"https:\/\/www.aktion-weitblick.de\/ls\/wp-json\/wp\/v2\/weit_locations\/12831\/revisions\/12994"}],"wp:featuredmedia":[{"embeddable":true,"href":"https:\/\/www.aktion-weitblick.de\/ls\/wp-json\/wp\/v2\/media\/12043"}],"wp:attachment":[{"href":"https:\/\/www.aktion-weitblick.de\/ls\/wp-json\/wp\/v2\/media?parent=12831"}],"wp:term":[{"taxonomy":"weit_location_category","embeddable":true,"href":"https:\/\/www.aktion-weitblick.de\/ls\/wp-json\/wp\/v2\/weit_location_category?post=12831"}],"curies":[{"name":"wp","href":"https:\/\/api.w.org\/{rel}","templated":true}]}}