{"id":12829,"date":"2020-02-19T17:26:45","date_gmt":"2020-02-19T16:26:45","guid":{"rendered":"https:\/\/www.aktion-weitblick.de\/standorte\/therapeutische-wohngemeinschaft-braunschweiger-strasse\/"},"modified":"2020-02-19T17:26:45","modified_gmt":"2020-02-19T16:26:45","slug":"therapeutische-wohngemeinschaft-braunschweiger-strasse","status":"publish","type":"weit_location","link":"https:\/\/www.aktion-weitblick.de\/ls\/standorte\/therapeutische-wohngemeinschaft-braunschweiger-strasse\/","title":{"rendered":"Therapeutische WG Braunschweiger Stra\u00dfe"},"content":{"rendered":"<p>Willkommen in der therapeutischen Wohngemeinschaft Braunschweiger Stra\u00dfe.<\/p>\n<p><strong>Wer wohnt hier?<\/strong><\/p>\n<ul>\n<li>4 M\u00e4nner mit psychischer Erkrankung im Alter 50+<\/li>\n<li>Menschen mit und ohne Tagesstruktur<\/li>\n<\/ul>\n<p><strong>R\u00e4ume\u00a0<\/strong><\/p>\n<p>Die R\u00e4umlichkeiten der Wohngemeinschaft befinden sich im 5. Stock.<\/p>\n<ul>\n<li>Einzelzimmer: 10 \u2013 16 qm<\/li>\n<li>K\u00fcche mit Essgruppe<\/li>\n<li>Gemeinschaftswohnzimmer<\/li>\n<li>Durchgangsraum mit Telefon<\/li>\n<li>Badezimmer mit Wanne \/1 Extra-Toilette<\/li>\n<li>Terrasse<\/li>\n<li>Gesamtwohnfl\u00e4che: 116 qm<\/li>\n<li>die Wohnung ist nicht barrierefrei<\/li>\n<\/ul>\n<p><strong>Ausstattung\u00a0<\/strong><\/p>\n<ul>\n<li>Waschmaschine<\/li>\n<li>K\u00fchlschrank<\/li>\n<li>TV-Anschluss im Zimmer<\/li>\n<li>private Internetanschl\u00fcsse<\/li>\n<li>Telefon<\/li>\n<li>Fernseher<\/li>\n<\/ul>\n<p><strong>So leben wir hier<\/strong><\/p>\n<p>Die Betreuer*innen sind an 3 Tagen stundenweise vor Ort. Dar\u00fcber hinaus werden f\u00fcr die Arbeit an den pers\u00f6nlichen Zielen Einzeltermine individuell vereinbart.<\/p>\n<p>Wir haben es gerne ruhig in der WG und legen gro\u00dfen Wert auf Ordnung und Sauberkeit. Deswegen teilen wir die anstehenden Putzarbeiten in den Gemeinschaftsr\u00e4umen untereinander auf. F\u00fcr Putzmittel zahlt jeder in die gemeinsame Haushaltskasse ein.<\/p>\n<p>Einmal w\u00f6chentlich findet die Gruppensitzung statt, an der jeder teilnimmt.<\/p>\n<p><strong>Freizeit pur<\/strong><\/p>\n<p>Einige von uns sind gerne eigenst\u00e4ndig unterwegs. Neuk\u00f6lln bietet vielf\u00e4ltige kulturelle M\u00f6glichkeiten wie Kinos, Theater und eine Bibliothek.<\/p>\n<p>Wer eine Pause vom st\u00e4dtischen Trubel braucht, findet Ruhe und Entspannung in den umliegenden Parks und G\u00e4rten (K\u00f6rnerpark, Silent Rixdorf, Comeniusgarten ). Wasserratten \u00a0nutzen das Stadtbad-Neuk\u00f6lln.<\/p>\n<p>Die Gruppenangebote in unserem Laden in der Erkstr. sind offen f\u00fcr alle, die im Therapeutischen Wohnverbund begleitet werden. Hier gibt es an 4 Tagen in der Woche die M\u00f6glichkeit, in Gesellschaft zu sein und z.B. gemeinsam zu kochen. Feiern und Ausfl\u00fcge geh\u00f6ren ebenfalls zum Angebot.<\/p>\n<p><strong>Die Umgebung<\/strong><\/p>\n<p>In \u00a0unmittelbarer N\u00e4he gibt es mehrere g\u00fcnstige Superm\u00e4rkte. Auch die Karl-Marx-Stra\u00dfe mit einer Vielzahl von Gesch\u00e4ften ist nicht weit entfernt. Ebenso finden sich im Umkreis zahlreiche Caf\u00e9s, Restaurants und Imbissangebote.<\/p>\n<p>Weiterhin gibt es in der N\u00e4he:<\/p>\n<ul>\n<li>Arztpraxen<\/li>\n<li>Klinikum Neuk\u00f6lln (auch psychiatrische Versorgung)<\/li>\n<li>Beratungs- und Kontaktstelle f\u00fcr Menschen mit psychischen Erkrankungen<\/li>\n<li>Zuverdienst\/Tagesst\u00e4tte<\/li>\n<\/ul>\n<p>Die n\u00e4chste Bushaltestelle ist in 3 Minuten zu Fu\u00df erreichbar. Zum S- Bahnhof sind es 3 und zum U-Bahnhof \u00a010 Minuten Fu\u00dfweg.<\/p>\n","protected":false},"excerpt":{"rendered":"<p>Willkommen in der therapeutischen Wohngemeinschaft Braunschweiger Stra\u00dfe. Wer wohnt hier? 4 M\u00e4nner mit psychischer Erkrankung im Alter 50+ Menschen mit und ohne Tagesstruktur R\u00e4ume\u00a0 Die R\u00e4umlichkeiten der Wohngemeinschaft befinden sich im 5. Stock. Einzelzimmer: 10 \u2013 16 qm K\u00fcche mit Essgruppe Gemeinschaftswohnzimmer Durchgangsraum mit Telefon Badezimmer mit Wanne \/1 Extra-Toilette Terrasse Gesamtwohnfl\u00e4che: 116 qm die [&hellip;]<\/p>\n","protected":false},"featured_media":12043,"template":"","weit_location_category":[269],"class_list":["post-12829","weit_location","type-weit_location","status-publish","has-post-thumbnail","hentry","weit_location_category-therapeutisch"],"acf":[],"_links":{"self":[{"href":"https:\/\/www.aktion-weitblick.de\/ls\/wp-json\/wp\/v2\/weit_locations\/12829","targetHints":{"allow":["GET"]}}],"collection":[{"href":"https:\/\/www.aktion-weitblick.de\/ls\/wp-json\/wp\/v2\/weit_locations"}],"about":[{"href":"https:\/\/www.aktion-weitblick.de\/ls\/wp-json\/wp\/v2\/types\/weit_location"}],"version-history":[{"count":0,"href":"https:\/\/www.aktion-weitblick.de\/ls\/wp-json\/wp\/v2\/weit_locations\/12829\/revisions"}],"wp:featuredmedia":[{"embeddable":true,"href":"https:\/\/www.aktion-weitblick.de\/ls\/wp-json\/wp\/v2\/media\/12043"}],"wp:attachment":[{"href":"https:\/\/www.aktion-weitblick.de\/ls\/wp-json\/wp\/v2\/media?parent=12829"}],"wp:term":[{"taxonomy":"weit_location_category","embeddable":true,"href":"https:\/\/www.aktion-weitblick.de\/ls\/wp-json\/wp\/v2\/weit_location_category?post=12829"}],"curies":[{"name":"wp","href":"https:\/\/api.w.org\/{rel}","templated":true}]}}