{"id":12827,"date":"2020-02-19T17:53:05","date_gmt":"2020-02-19T16:53:05","guid":{"rendered":"https:\/\/www.aktion-weitblick.de\/standorte\/wg-reinholdstrasse\/"},"modified":"2025-12-18T12:24:39","modified_gmt":"2025-12-18T11:24:39","slug":"wg-reinholdstrasse","status":"publish","type":"weit_location","link":"https:\/\/www.aktion-weitblick.de\/ls\/standorte\/wg-reinholdstrasse\/","title":{"rendered":"WG 04 Reinholdstra\u00dfe"},"content":{"rendered":"<p>Willkommen in der Wohngemeinschaft Reinholdstra\u00dfe.<\/p>\n<h2 id=\"wer-wohnt-hier\"><strong>Wer<br \/>\nwohnt hier?<\/strong><\/h2>\n<ul>\n<li>5 Menschen mit Intelligenzminderung im Alter zwischen 25 und Mitte 35<\/li>\n<li>Menschen, die zus\u00e4tzliche psychische Beeintr\u00e4chtigungen haben<\/li>\n<li>Menschen, die dauerhaft nicht oder noch nicht selbst\u00e4ndig leben k\u00f6nnen<\/li>\n<li>Menschen mit und ohne externer Tagesstruktur<\/li>\n<\/ul>\n<h2 id=\"raume\"><strong>R\u00e4ume <\/strong><\/h2>\n<p>Die R\u00e4umlichkeiten der Wohngemeinschaft befinden sich im 2. und 3. Stockwerk.<\/p>\n<ul>\n<li>Wohnung auf zwei etagen verteilt<\/li>\n<li>2. OG mit 1 WG Zimmer und gro\u00dfem Wohnzimmer mit K\u00fcche<\/li>\n<li>3. OG mit 4 WG Zimmern<\/li>\n<li>2 Badezimmer<\/li>\n<li>Betreuerb\u00fcro<\/li>\n<li>2 kleine Abstellkammern<\/li>\n<li>Wohnungen sind nicht barrierefrei<\/li>\n<\/ul>\n<h2 id=\"ausstattung\"><strong>Ausstattung <\/strong><\/h2>\n<ul>\n<li>Waschmaschine<\/li>\n<li>Geschirrsp\u00fcler<\/li>\n<li>TV und Musikanlage<\/li>\n<li>TV-Anschluss im Zimmer<\/li>\n<\/ul>\n<h2 id=\"so-leben-wir-hier\"><strong>So leben wir hier<\/strong><\/h2>\n<p>Zwei betreueende Personen sind montags bis freitags mindestens von 15 \u2013 19 Uhr in unserer Wohngemeinschaft. Am Wochenende ist eine assistenzgebende Person jeweils 4 \u2013 5 Stunden da. Jede*r Bewohner*in hat eine*n feste*n Ansprechpartner*in, mit dem er*sie Fragen, W\u00fcnsche und Probleme besprechen kann.<\/p>\n<p>Wir nehmen alle an der Fr\u00fchst\u00fccks- und Kochgruppe teil. Au\u00dferdem findet regelm\u00e4\u00dfig eine Gruppensitzung und eine Gruppenaktivit\u00e4t statt.<\/p>\n<p>Damit es in unserer Wohngemeinschaft gut l\u00e4uft, zahlt jeder in die Haushaltskasse ein und \u00fcbernimmt ein Putzamt. Das Putzamt wechselt w\u00f6chentlich und jeder ist mal dran.<\/p>\n<p>Gut zu wissen: Wenn unser Zimmer daf\u00fcr geeignet ist, k\u00f6nnen wir kleine Haustiere im K\u00e4fig halten.<\/p>\n<h2 id=\"freizeit-pur\"><strong>Freizeit pur<\/strong><\/h2>\n<p>Die WG liegt in der N\u00e4he vom K\u00f6rnerpark und dem Volkspark Hasenheide.<\/p>\n<p>Wer es etwas aktiver mag und gerne schwimmen geht, ist im Stadtbad Neuk\u00f6lln gut aufgehoben. Neuk\u00f6lln-Arcaden mit UCI-Kino, Shopping Center Neuk\u00f6llner Tor mit Kaufland, Apotheke, Post etc. sind in der N\u00e4he.<\/p>\n<h2 id=\"die-umgebung\"><strong>Die Umgebung<\/strong><\/h2>\n<p>Es viele Einkaufsm\u00f6glichkeiten in der nahen Umgebung. Superm\u00e4rkte wie Real, Penny oder Lidl sind nur 5 Minuten zu Fu\u00df entfernt.<\/p>\n<p>Weiterhin gibt es in der N\u00e4he:<\/p>\n<ul>\n<li>Arztpraxen<\/li>\n<li>Krankenhaus Neuk\u00f6lln<\/li>\n<\/ul>\n<p>Die Bushaltestelle liegt fast vor der Haust\u00fcr. Nach 10 Minuten erreicht man au\u00dferdem den n\u00e4chsten S- und U-Bahnhof.<\/p>\n","protected":false},"excerpt":{"rendered":"<p>Willkommen in der Wohngemeinschaft Reinholdstra\u00dfe. Wer wohnt hier? 5 Menschen mit Intelligenzminderung im Alter zwischen 25 und Mitte 35 Menschen, die zus\u00e4tzliche psychische Beeintr\u00e4chtigungen haben Menschen, die dauerhaft nicht oder noch nicht selbst\u00e4ndig leben k\u00f6nnen Menschen mit und ohne externer Tagesstruktur R\u00e4ume Die R\u00e4umlichkeiten der Wohngemeinschaft befinden sich im 2. und 3. Stockwerk. Wohnung auf [&hellip;]<\/p>\n","protected":false},"featured_media":12043,"template":"","weit_location_category":[270],"class_list":["post-12827","weit_location","type-weit_location","status-publish","has-post-thumbnail","hentry","weit_location_category-neukoelln"],"acf":[],"_links":{"self":[{"href":"https:\/\/www.aktion-weitblick.de\/ls\/wp-json\/wp\/v2\/weit_locations\/12827","targetHints":{"allow":["GET"]}}],"collection":[{"href":"https:\/\/www.aktion-weitblick.de\/ls\/wp-json\/wp\/v2\/weit_locations"}],"about":[{"href":"https:\/\/www.aktion-weitblick.de\/ls\/wp-json\/wp\/v2\/types\/weit_location"}],"version-history":[{"count":1,"href":"https:\/\/www.aktion-weitblick.de\/ls\/wp-json\/wp\/v2\/weit_locations\/12827\/revisions"}],"predecessor-version":[{"id":12930,"href":"https:\/\/www.aktion-weitblick.de\/ls\/wp-json\/wp\/v2\/weit_locations\/12827\/revisions\/12930"}],"wp:featuredmedia":[{"embeddable":true,"href":"https:\/\/www.aktion-weitblick.de\/ls\/wp-json\/wp\/v2\/media\/12043"}],"wp:attachment":[{"href":"https:\/\/www.aktion-weitblick.de\/ls\/wp-json\/wp\/v2\/media?parent=12827"}],"wp:term":[{"taxonomy":"weit_location_category","embeddable":true,"href":"https:\/\/www.aktion-weitblick.de\/ls\/wp-json\/wp\/v2\/weit_location_category?post=12827"}],"curies":[{"name":"wp","href":"https:\/\/api.w.org\/{rel}","templated":true}]}}