{"id":12819,"date":"2020-02-19T18:25:51","date_gmt":"2020-02-19T17:25:51","guid":{"rendered":"https:\/\/www.aktion-weitblick.de\/standorte\/wg-friedenfelser-strasse\/"},"modified":"2026-02-12T09:29:25","modified_gmt":"2026-02-12T08:29:25","slug":"wg-friedenfelser-strasse","status":"publish","type":"weit_location","link":"https:\/\/www.aktion-weitblick.de\/ls\/standorte\/wg-friedenfelser-strasse\/","title":{"rendered":"WG Friedenfelser Stra\u00dfe"},"content":{"rendered":"<p>Willkommen in den Wohn\u00b7gemeinschaften Friedenfelser Stra\u00dfe (WG11\/12).<\/p>\n<h2 id=\"wer-wohnt-hier\"><strong>Wer wohnt hier?<\/strong><\/h2>\n<ul>\n<li>In der WG 11 wohnen 4 Menschen.<br \/>In der WG 12 wohnen 5 Menschen.<br \/>Das sind Frauen und M\u00e4nner.<br \/>Sie haben Lern\u00b7schwierigkeiten.<br \/>Sie sind mindestens 23 Jahre alt.<\/li>\n<li>Menschen mit zus\u00e4tzlichen psychischen Beeintr\u00e4chtigungen<\/li>\n<\/ul>\n<h2 id=\"raume\"><strong>R\u00e4ume <\/strong><\/h2>\n<p>Die Wohn\u00b7gemeinschaften sind im 1. und 2. <a>Ober\u00b7geschoss<\/a>.  <\/p>\n<ul>\n<li>Beide Wohnungen sind mit einer Treppe verbunden.\n<\/li>\n<li>Einzel\u00b7zimmer: 15 bis 17 Quadrat\u00b7meter<\/li>\n<li>Gemeinschafts\u00b7r\u00e4ume<\/li>\n<li>Funktions\u00b7fl\u00e4chen<\/li>\n<li>Ess\u00b7zimmer<\/li>\n<li>Badezimmer mit Badewanne oder Dusche<\/li>\n<li>Betreuer\u00b7b\u00fcro<\/li>\n<li>Gesamte Wohnfl\u00e4che: 150 Quadratmeter<\/li>\n<li>Die Wohnungen sind nicht barriere\u00b7frei.<\/li>\n<\/ul>\n<h2 id=\"ausstattung\"><strong>Ausstattung <\/strong><\/h2>\n<ul>\n<li>Wasch\u00b7maschine<\/li>\n<li>Kabel\u00b7anschluss in jedem Einzelzimmer<\/li>\n<\/ul>\n<h2 id=\"so-leben-wir\"><strong>So leben wir<\/strong><\/h2>\n<p>Die Bewohner und Bewohnerinnen in unserer Wohn\u00b7gemeinschaft werden betreut.<br \/>Das ist montags bis freitags am Tag.<br \/>Einmal in der Woche ist eine Gruppen\u00b7sitzung.<br \/>Alle nehmen daran teil.<br \/>Wir besprechen gemeinsame Aktivit\u00e4ten.<br \/>Wir besprechen den Alltag in der WG.<br \/>Wir besprechen auch die Putz\u00b7pl\u00e4ne.<br \/>Wer m\u00f6chte, kann auch Einzel\u00b7gespr\u00e4che f\u00fchren.<br \/>Die Einzel\u00b7gespr\u00e4che sind mit den Betreuern und Betreuerinnen.   <\/p>\n<p>Wer Unterst\u00fctzung beim Gang zu \u00c4mtern braucht, kann das morgens machen.<br \/>Die Betreuer und Betreuerinnen helfen dabei.<\/p>\n<h2 id=\"freizeit-pur\"><strong>Freizeit pur<\/strong><\/h2>\n<p>Wir nehmen gerne am Gemeinschafts\u00b7leben teil.<br \/>Zum Beispiel Koch\u00b7gruppe oder Spiele\u00b7abend.<br \/>Uns f\u00e4llt immer etwas Neues ein. <\/p>\n<p>Wer gerne an der frischen Luft ist, hilft bei der Garten\u00b7arbeit mit.<\/p>\n<p>Eine tolle Einrichtung ist der Freizeit\u00b7club.<br \/>Hier gibt es viele verschiedene Angebote.<br \/>F\u00fcr jeden ist etwas dabei, das Spa\u00df macht. <\/p>\n<p>F\u00fcr Menschen, die gerne drau\u00dfen sind, gibt es 4 Parks in der N\u00e4he:<br \/>Der Freizeit\u00b7park Marienfelde<br \/>Der Guts\u00b7herren\u00b7park<br \/>Der Gemeinde\u00b7park<br \/>Und auch einen Trampolin\u00b7park <\/p>\n<p>Nat\u00fcrlich kann man es sich auch einfach in einem Caf\u00e9 gem\u00fctlich machen.<\/p>\n<h2 id=\"die-umgebung\"><strong>Die Umgebung<\/strong><\/h2>\n<p>In 5 bis 15 Minuten zu Fu\u00df gibt es:<br \/>Verschiedene Super\u00b7m\u00e4rkte<br \/>Banken<br \/>Eine Post<\/p>\n<p>In der N\u00e4he gibt es auch:<\/p>\n<ul>\n<li>Arzt\u00b7praxen<\/li>\n<li>Apotheke<\/li>\n<li>Kranken\u00b7haus Charit\u00e9<\/li>\n<li>St. Marien\u00b7krankenhaus<\/li>\n<\/ul>\n<p>Die n\u00e4chste Bus\u00b7haltestelle ist fast vor der T\u00fcr.<br \/>Die n\u00e4chsten S-Bahnh\u00f6fe erreicht man mit dem Bus. <\/p>\n","protected":false},"excerpt":{"rendered":"<p>Willkommen in den Wohn\u00b7gemeinschaften Friedenfelser Stra\u00dfe (WG11\/12). Wer wohnt hier? In der WG 11 wohnen 4 Menschen.In der WG 12 wohnen 5 Menschen.Das sind Frauen und M\u00e4nner.Sie haben Lern\u00b7schwierigkeiten.Sie sind mindestens 23 Jahre alt. Menschen mit zus\u00e4tzlichen psychischen Beeintr\u00e4chtigungen R\u00e4ume Die Wohn\u00b7gemeinschaften sind im 1. und 2. Ober\u00b7geschoss. Beide Wohnungen sind mit einer Treppe verbunden. [&hellip;]<\/p>\n","protected":false},"featured_media":12043,"template":"","weit_location_category":[272],"class_list":["post-12819","weit_location","type-weit_location","status-publish","has-post-thumbnail","hentry","weit_location_category-tempelhof-sch"],"acf":[],"_links":{"self":[{"href":"https:\/\/www.aktion-weitblick.de\/ls\/wp-json\/wp\/v2\/weit_locations\/12819","targetHints":{"allow":["GET"]}}],"collection":[{"href":"https:\/\/www.aktion-weitblick.de\/ls\/wp-json\/wp\/v2\/weit_locations"}],"about":[{"href":"https:\/\/www.aktion-weitblick.de\/ls\/wp-json\/wp\/v2\/types\/weit_location"}],"version-history":[{"count":3,"href":"https:\/\/www.aktion-weitblick.de\/ls\/wp-json\/wp\/v2\/weit_locations\/12819\/revisions"}],"predecessor-version":[{"id":13406,"href":"https:\/\/www.aktion-weitblick.de\/ls\/wp-json\/wp\/v2\/weit_locations\/12819\/revisions\/13406"}],"wp:featuredmedia":[{"embeddable":true,"href":"https:\/\/www.aktion-weitblick.de\/ls\/wp-json\/wp\/v2\/media\/12043"}],"wp:attachment":[{"href":"https:\/\/www.aktion-weitblick.de\/ls\/wp-json\/wp\/v2\/media?parent=12819"}],"wp:term":[{"taxonomy":"weit_location_category","embeddable":true,"href":"https:\/\/www.aktion-weitblick.de\/ls\/wp-json\/wp\/v2\/weit_location_category?post=12819"}],"curies":[{"name":"wp","href":"https:\/\/api.w.org\/{rel}","templated":true}]}}