{"id":12815,"date":"2020-04-08T20:46:37","date_gmt":"2020-04-08T18:46:37","guid":{"rendered":"https:\/\/www.aktion-weitblick.de\/standorte\/wg-claire-waldoff-promenade\/"},"modified":"2025-12-18T00:48:45","modified_gmt":"2025-12-17T23:48:45","slug":"wg-claire-waldoff-promenade","status":"publish","type":"weit_location","link":"https:\/\/www.aktion-weitblick.de\/ls\/standorte\/wg-claire-waldoff-promenade\/","title":{"rendered":"WG Claire-Waldoff-Promenade"},"content":{"rendered":"<p>Willkommen in der Wohn\u00b7gemeinschaft Claire-Waldoff-Promenade.<\/p>\n<h2 id=\"wer-wohnt-hier\"><strong>Wer wohnt hier?<\/strong><\/h2>\n<ul>\n<li>2 M\u00e4nner und 1 Frau mit Lern\u00b7schwierigkeiten.<br \/>Im Alter zwischen 22 und 28 Jahren.<\/li>\n<li>Menschen sind im Alltag meistens selbst\u00b7st\u00e4ndig.<\/li>\n<li>Menschen mit Tages\u00b7struktur au\u00dfer\u00b7halb.<br \/>Menschen ohne Tages\u00b7struktur au\u00dfer\u00b7halb.<\/li>\n<\/ul>\n<h2 id=\"raume\"><strong>R\u00e4ume <\/strong><\/h2>\n<p>Die R\u00e4ume der Wohn\u00b7gemeinschaft:<br \/>\nIm 3. Ober\u00b7geschoss eines Wohn\u00b7hauses.<\/p>\n<ul>\n<li>Einzel\u00b7zimmer ab 14 Quadrat\u00b7meter<\/li>\n<li>offene K\u00fcche als Gemeinschaftsbereich<\/li>\n<li>Balkon<\/li>\n<li>K\u00fcche<\/li>\n<li>Bade\u00b7zimmer mit Bade\u00b7wanne<\/li>\n<li>separates WC<br \/>Das hei\u00dft: eigene Toilette<\/li>\n<li>Die Wohnung ist nicht barriere\u00b7frei.<br \/>Es gibt keinen Aufzug.<\/li>\n<\/ul>\n<h2 id=\"ausstattung\"><strong>Ausstattung <\/strong><\/h2>\n<ul>\n<li>Einbau\u00b7k\u00fcche<br \/>K\u00fcche fest eingebaut.<\/li>\n<li>elektrische Ger\u00e4te f\u00fcr die K\u00fcche<\/li>\n<li>Geschirrsp\u00fcl\u00b7maschine<\/li>\n<li>Wasch\u00b7maschine<\/li>\n<\/ul>\n<h2 id=\"so-leben-wir\"><strong>So leben wir<\/strong><\/h2>\n<p>Die Bewohner und Bewohnerinnen werden betreut.<br \/>An 5 Tagen in der Woche.<br \/>Tags\u00b7\u00fcber.<br \/>Die Betreuungs\u00b7zeit richtet sich nach dem Bedarf.<br \/>Zum Beispiel:<br \/>Alle arbeiten?<br \/>Dann sind die Betreuer und Betreuerinnen nachmittags und abends da.<br \/>Das steht auf den Dienst\u00b7pl\u00e4nen.<br \/>Die Mit\u00b7arbeiter und Mit\u00b7arbeiterinnen haben hier ein kleines B\u00fcro.    <\/p>\n<p>Wir leben ziemlich selbst\u00b7st\u00e4ndig.<br \/>Meistens ohne Betreuer und Betreuerinnen:<br \/>Aufstehen, arbeiten, Freizeit.<br \/>Wir machen aber auch gerne Sachen zusammen.<br \/>Mit den Betreuern und Betreuerinnen:<br \/>&#8211; Gruppen\u00b7angebote<br \/>&#8211; Tages\u00b7ausfl\u00fcge<br \/>&#8211; Reisen   <\/p>\n<p>Wir haben Regeln f\u00fcr das Zusammen\u00b7leben.<br \/>Damit alles gut l\u00e4uft.<\/p>\n<p>Gut zu wissen:<br \/>Kleine Haus\u00b7tiere im K\u00e4fig sind m\u00f6glich.<br \/>Nach Ab\u00b7sprache.<\/p>\n<h2 id=\"freizeit-pur\"><strong>Freizeit pur<\/strong><\/h2>\n<p>Die Wohn\u00b7gemeinschaft ist zentral.<br \/>Nah am Haupt\u00b7bahnhof.<br \/>F\u00fcr jeden etwas:<br \/>Sport, Erholung und mehr. <\/p>\n<p>Ganz in der N\u00e4he gibt es viele Gr\u00fcn\u00b7anlagen.<br \/>Vor allem: Der Gro\u00dfe Tier\u00b7garten.<br \/>Dort kann man:<br \/>&#8211; Joggen<br \/>&#8211; Frisbee spielen<br \/>&#8211; Die frische Luft genie\u00dfen<br \/>Das Spree\u00b7ufer l\u00e4dt ein zum:<br \/>&#8211; Spazieren\u00b7gehen<br \/>&#8211; Fahrrad\u00b7fahren<br \/>&#8211; Sport machen   <\/p>\n<p>Es gibt noch mehr:<br \/>&#8211; Fritz-Schlo\u00df-Park<br \/>&#8211; Geschichts\u00b7park<br \/>&#8211; Post\u00b7stadion-Anlagen<\/p>\n<p>Sie schwimmen gerne?<br \/>Gehen Sie ins Seydlitz\u00b7bad.<\/p>\n<p>Die kleinen Neben\u00b7stra\u00dfen:<br \/>Viele Caf\u00e9s und Restaurants.<br \/>Sie k\u00f6nnen dort:<br \/>&#8211; Freunde treffen<br \/>&#8211; Lesen<br \/>&#8211; Entspannen <\/p>\n<h2 id=\"die-umgebung\"><strong>Die Umgebung<\/strong><\/h2>\n<p>Ganz in der N\u00e4he:<br \/>&#8211; Viele Einkaufs\u00b7m\u00f6glichkeiten<br \/>&#8211; Banken<br \/>Im Haupt\u00b7bahnhof:<br \/>Auch sonntags einkaufen. <\/p>\n<p>In der N\u00e4he gibt es auch:<\/p>\n<ul>\n<li>Arzt\u00b7praxen<\/li>\n<li>Gesundheits\u00b7zentrum Moabit<br \/>Das war fr\u00fcher ein Kranken\u00b7haus.<\/li>\n<li>Viele M\u00f6glichkeiten im Sozial\u00b7raum:<br \/>&#8211; Sie k\u00f6nnen mit\u00b7machen<br \/>&#8211; Sie k\u00f6nnen Menschen treffen<\/li>\n<\/ul>\n<p>Zu Fu\u00df erreichbar:<br \/>&#8211; Bus\u00b7haltestellen<br \/>&#8211; S-Bahnh\u00f6fe und U-Bahnh\u00f6fe<br \/>&#8211; Haupt\u00b7bahnhof <\/p>\n","protected":false},"excerpt":{"rendered":"<p>Willkommen in der Wohn\u00b7gemeinschaft Claire-Waldoff-Promenade. Wer wohnt hier? 2 M\u00e4nner und 1 Frau mit Lern\u00b7schwierigkeiten.Im Alter zwischen 22 und 28 Jahren. Menschen sind im Alltag meistens selbst\u00b7st\u00e4ndig. Menschen mit Tages\u00b7struktur au\u00dfer\u00b7halb.Menschen ohne Tages\u00b7struktur au\u00dfer\u00b7halb. R\u00e4ume Die R\u00e4ume der Wohn\u00b7gemeinschaft: Im 3. Ober\u00b7geschoss eines Wohn\u00b7hauses. Einzel\u00b7zimmer ab 14 Quadrat\u00b7meter offene K\u00fcche als Gemeinschaftsbereich Balkon K\u00fcche Bade\u00b7zimmer [&hellip;]<\/p>\n","protected":false},"featured_media":12043,"template":"","weit_location_category":[267],"class_list":["post-12815","weit_location","type-weit_location","status-publish","has-post-thumbnail","hentry","weit_location_category-mitte"],"acf":[],"_links":{"self":[{"href":"https:\/\/www.aktion-weitblick.de\/ls\/wp-json\/wp\/v2\/weit_locations\/12815","targetHints":{"allow":["GET"]}}],"collection":[{"href":"https:\/\/www.aktion-weitblick.de\/ls\/wp-json\/wp\/v2\/weit_locations"}],"about":[{"href":"https:\/\/www.aktion-weitblick.de\/ls\/wp-json\/wp\/v2\/types\/weit_location"}],"version-history":[{"count":1,"href":"https:\/\/www.aktion-weitblick.de\/ls\/wp-json\/wp\/v2\/weit_locations\/12815\/revisions"}],"predecessor-version":[{"id":12863,"href":"https:\/\/www.aktion-weitblick.de\/ls\/wp-json\/wp\/v2\/weit_locations\/12815\/revisions\/12863"}],"wp:featuredmedia":[{"embeddable":true,"href":"https:\/\/www.aktion-weitblick.de\/ls\/wp-json\/wp\/v2\/media\/12043"}],"wp:attachment":[{"href":"https:\/\/www.aktion-weitblick.de\/ls\/wp-json\/wp\/v2\/media?parent=12815"}],"wp:term":[{"taxonomy":"weit_location_category","embeddable":true,"href":"https:\/\/www.aktion-weitblick.de\/ls\/wp-json\/wp\/v2\/weit_location_category?post=12815"}],"curies":[{"name":"wp","href":"https:\/\/api.w.org\/{rel}","templated":true}]}}