{"id":12812,"date":"2023-02-20T12:34:32","date_gmt":"2023-02-20T11:34:32","guid":{"rendered":"https:\/\/www.aktion-weitblick.de\/standorte\/wg-skarbinastrasse\/"},"modified":"2026-02-12T09:27:54","modified_gmt":"2026-02-12T08:27:54","slug":"wg-skarbinastrasse","status":"publish","type":"weit_location","link":"https:\/\/www.aktion-weitblick.de\/ls\/standorte\/wg-skarbinastrasse\/","title":{"rendered":"WG Skarbinastra\u00dfe"},"content":{"rendered":"<p>Will\u00b7kommen in der Wohn\u00b7gemeinschaft Skarbina\u00b7stra\u00dfe<\/p>\n<h2><strong>Wer wohnt hier?<\/strong><\/h2>\n<ul>\n<li>Frauen und M\u00e4nner mit geistiger Beeintr\u00e4chtigung<\/li>\n<\/ul>\n<h2><strong>R\u00e4ume <\/strong><\/h2>\n<p>Wo ist die Wohn\u00b7gemeinschaft?<br \/>Im 2. Ober\u00b7geschoss.<\/p>\n<ul>\n<li>Einzel\u00b7zimmer<\/li>\n<li>Bade\u00b7zimmer<\/li>\n<li>K\u00fcche<\/li>\n<li>Gemeinschafts\u00b7raum<\/li>\n<\/ul>\n<h2><strong>Ausstattung <\/strong><\/h2>\n<ul>\n<li>Wasch\u00b7maschine<\/li>\n<li>Sp\u00fclmaschine<\/li>\n<li>Telefon<\/li>\n<\/ul>\n<h2><strong>So leben wir hier<\/strong><\/h2>\n<p>Das Team von aktion weitblick unterst\u00fctzt.<br \/>Von Montag bis Freitag. Das Leben in der Gemeinschaft gestalten wir gerne gemeinsam: Wir kochen zusammen und essen zusammen.<\/p>\n<p>Auch die Freizeit verbringen wir gerne gemeinsam.<br \/>Wir organisieren:<br \/>&#8211; Ausfl\u00fcge<br \/>&#8211; Gemeinsame Feste<\/p>\n<h2><strong>Freizeit pur<\/strong><\/h2>\n<p>Sie m\u00f6gen die Natur?<br \/>Gehen Sie in den Volks\u00b7park Lichtenrade.<br \/>Oder ins Wald\u00b7gel\u00e4nde.<br \/>\u00d6stlich vom Kirchhainer Damm. <\/p>\n<p>Die Wohn\u00b7gemeinschaft liegt an der Stadt\u00b7grenze.<br \/>Sie k\u00f6nnen:<br \/>&#8211; Fahrrad fahren<br \/>&#8211; Den Mauer\u00b7weg entdecken<\/p>\n<p>Sie schwimmen gerne?<br \/>Gehen Sie ins Schwimm\u00b7bad Mariendorf.<br \/>Hallen\u00b7bad und Frei\u00b7bad.<\/p>\n<h2><strong>Die Umgebung<\/strong><\/h2>\n<p>Nach etwa 5 Minuten zu Fu\u00df:<br \/>&#8211; Super\u00b7m\u00e4rkte<br \/>&#8211; Kleine Gesch\u00e4fte f\u00fcr den t\u00e4glichen Bedarf<br \/>&#8211; G\u00fcnstige Restaurants<br \/>&#8211; Banken<br \/>&#8211; Post <\/p>\n<p>In der N\u00e4he gibt es auch:<\/p>\n<ul>\n<li>Arzt\u00b7praxen<\/li>\n<li>St. Marien-Kranken\u00b7haus Berlin<\/li>\n<li>Kranken\u00b7haus Wenkebach<\/li>\n<\/ul>\n<p>Zu Fu\u00df erreichbar:<br \/>&#8211; Bus\u00b7haltestellen<br \/>&#8211; S-Bahnh\u00f6fe <\/p>\n","protected":false},"excerpt":{"rendered":"<p>Will\u00b7kommen in der Wohn\u00b7gemeinschaft Skarbina\u00b7stra\u00dfe Wer wohnt hier? Frauen und M\u00e4nner mit geistiger Beeintr\u00e4chtigung R\u00e4ume Wo ist die Wohn\u00b7gemeinschaft?Im 2. Ober\u00b7geschoss. Einzel\u00b7zimmer Bade\u00b7zimmer K\u00fcche Gemeinschafts\u00b7raum Ausstattung Wasch\u00b7maschine Sp\u00fclmaschine Telefon So leben wir hier Das Team von aktion weitblick unterst\u00fctzt.Von Montag bis Freitag. Das Leben in der Gemeinschaft gestalten wir gerne gemeinsam: Wir kochen zusammen und [&hellip;]<\/p>\n","protected":false},"featured_media":12043,"template":"","weit_location_category":[268],"class_list":["post-12812","weit_location","type-weit_location","status-publish","has-post-thumbnail","hentry","weit_location_category-lichtenrade"],"acf":[],"_links":{"self":[{"href":"https:\/\/www.aktion-weitblick.de\/ls\/wp-json\/wp\/v2\/weit_locations\/12812","targetHints":{"allow":["GET"]}}],"collection":[{"href":"https:\/\/www.aktion-weitblick.de\/ls\/wp-json\/wp\/v2\/weit_locations"}],"about":[{"href":"https:\/\/www.aktion-weitblick.de\/ls\/wp-json\/wp\/v2\/types\/weit_location"}],"version-history":[{"count":3,"href":"https:\/\/www.aktion-weitblick.de\/ls\/wp-json\/wp\/v2\/weit_locations\/12812\/revisions"}],"predecessor-version":[{"id":13404,"href":"https:\/\/www.aktion-weitblick.de\/ls\/wp-json\/wp\/v2\/weit_locations\/12812\/revisions\/13404"}],"wp:featuredmedia":[{"embeddable":true,"href":"https:\/\/www.aktion-weitblick.de\/ls\/wp-json\/wp\/v2\/media\/12043"}],"wp:attachment":[{"href":"https:\/\/www.aktion-weitblick.de\/ls\/wp-json\/wp\/v2\/media?parent=12812"}],"wp:term":[{"taxonomy":"weit_location_category","embeddable":true,"href":"https:\/\/www.aktion-weitblick.de\/ls\/wp-json\/wp\/v2\/weit_location_category?post=12812"}],"curies":[{"name":"wp","href":"https:\/\/api.w.org\/{rel}","templated":true}]}}