{"id":12807,"date":"2024-07-03T11:54:20","date_gmt":"2024-07-03T09:54:20","guid":{"rendered":"https:\/\/www.aktion-weitblick.de\/standorte\/wg-lichtenrader-damm\/"},"modified":"2026-02-12T09:28:52","modified_gmt":"2026-02-12T08:28:52","slug":"wg-lichtenrader-damm","status":"publish","type":"weit_location","link":"https:\/\/www.aktion-weitblick.de\/ls\/standorte\/wg-lichtenrader-damm\/","title":{"rendered":"WG Lichtenrader Damm"},"content":{"rendered":"<p>Will\u00b7kommen in der Wohn\u00b7gemeinschaft Lichtenrader Damm!<\/p>\n<h2><strong>Wer wohnt hier?<\/strong><\/h2>\n<ul>\n<li>5 Menschen mit FASD (Fetale Alkohol\u00b7spektrum\u00b7st\u00f6rung).<br \/>Ab 18 Jahren.<br \/>Sie bekommen Eingliederungs\u00b7hilfe nach SGB IX.<\/li>\n<li>Menschen mit und ohne Tages\u00b7struktur<\/li>\n<\/ul>\n<h2><strong>R\u00e4ume <\/strong><\/h2>\n<p>Wo ist die Wohn\u00b7gemeinschaft?<br \/>&#8211; Erd\u00b7geschoss (EG)<br \/>&#8211; 1. Ober\u00b7geschoss (1. OG)<br \/>In einem Mehr\u00b7familien\u00b7haus.<\/p>\n<ul>\n<li>Zwischen den Stock\u00b7werken:<br \/>Eine Treppe in der Wohnung.<\/li>\n<li>Einzel\u00b7zimmer: 14\u201315 qm<br \/>4 Zimmer haben einen Balkon oder eine Terrasse.<\/li>\n<li>Gemeinschafts\u00b7raum<br \/>Zum Wohnen und Essen.<\/li>\n<li>3 Bade\u00b7zimmer<br \/>Jedes mit Bade\u00b7wanne.<\/li>\n<li>B\u00fcro der Betreuer und Betreuerinnen<\/li>\n<li>Kreativ\u00b7raum und R\u00fcckzugs\u00b7raum<\/li>\n<li>K\u00fcche komplett aus\u00b7gestattet<\/li>\n<li>Garten<\/li>\n<li>Gesamt\u00b7wohn\u00b7fl\u00e4che: 216 Quadrat\u00b7meter<\/li>\n<li>Wohnung ist nicht barriere\u00b7frei<\/li>\n<\/ul>\n<h2><strong>Ausstattung <\/strong><\/h2>\n<ul>\n<li>Wasch\u00b7maschine und W\u00e4sche\u00b7trockner<\/li>\n<li>K\u00fchl\u00b7schrank mit Gefrier\u00b7fach<\/li>\n<li>Telefon<\/li>\n<li>Fernseher mit Anschluss im Wohn\u00b7zimmer<\/li>\n<li>Fernseh\u00b7anschluss in den Einzel\u00b7zimmern<\/li>\n<\/ul>\n<h2><strong>So leben wir hier<\/strong><\/h2>\n<p>Die Bewohner und Bewohnerinnen werden jeden Tag betreut.<br \/>Auch am Wochen\u00b7ende.<\/p>\n<p>Betreuung nach Bedarf, meist mittags\/nachmittags.<br \/>Wochentags: t\u00e4glich 2 Mit\u00b7arbeitende vor Ort.<br \/>Wochen\u00b7ende: individuelle, stunden\u00b7weise Betreuung.  <\/p>\n<p>Was ist geplant?<br \/>&#8211; Individuelle Versorgung f\u00fcr jeden<br \/>&#8211; 1x am Tag gemeinsam essen<br \/> Sie kochen zusammen.<br \/> Sie entscheiden, was gekocht wird.<\/p>\n<p>Jede Woche gibt es eine Bewohner\u00b7versammlung.<br \/>Was wird besprochen?<br \/>&#8211; W\u00fcnsche (zum Beispiel gemeinsame Freizeit)<br \/>&#8211; Angebote<br \/>&#8211; Was f\u00fcr die Gruppe wichtig ist<br \/>&#8211; Haus\u00b7halts\u00b7aufgaben<br \/> Wer macht was?<\/p>\n<p>Es gibt nicht nur Gruppen\u00b7angebote.<br \/>Es gibt auch regelm\u00e4\u00dfige Einzel\u00b7gespr\u00e4che.<br \/>Was wird besprochen?<br \/>&#8211; Ihre aktuellen W\u00fcnsche<br \/>&#8211; Ihre Ziele<br \/>&#8211; Ihre Termine<\/p>\n<p>Je nach Bedarf begleiten wir zum Beispiel:<br \/>&#8211; Arzt\u00b7termine<br \/>&#8211; Beh\u00f6rden\u00b7g\u00e4nge<br \/>&#8211; Eink\u00e4ufe<br \/>Wir unterst\u00fctzen bei:<br \/>&#8211; Fest\u00b7stellung des pers\u00f6nlichen Bedarfs<br \/>&#8211; Arbeits\u00b7suche<br \/>&#8211; Gestaltung der freien Zeit<br \/>&#8211; Entwicklung pers\u00f6nlicher Ziele<br \/>&#8211; Entwicklung von Zukunfts\u00b7perspektiven<\/p>\n<h2><strong>Freizeit pur<\/strong><\/h2>\n<p>Gr\u00fcn\u00b7fl\u00e4chen in der N\u00e4he:<br \/>&#8211; Parks<br \/>&#8211; Lichtenradener W\u00e4ldchen<br \/>&#8211; Ehemaliger Grenz\u00b7streifen (viel Natur)<br \/>Dort k\u00f6nnen Sie:<br \/>&#8211; Spazieren gehen<br \/>&#8211; Sich an frischer Luft bewegen<br \/>&#8211; Picknicken<\/p>\n<p>Sie schwimmen gerne?<br \/>In der N\u00e4he gibt es ein Schwimm\u00b7bad.<br \/>Das Hallen\u00b7bad und Sommer\u00b7bad Mariendorf.<\/p>\n<p>Die Bahnhof\u00b7stra\u00dfe ist zu Fu\u00df erreichbar.<br \/>Sie l\u00e4dt ein zum Schlendern und Shoppen.<br \/>Auch gro\u00dfe Einkaufs\u00b7zentren sind gut erreichbar:<br \/>&#8211; Das Schloss<br \/>&#8211; Tempelhofer Hafen<br \/>&#8211; Gropius\u00b7passagen<br \/>Mit \u00f6ffentlichen Verkehrs\u00b7mitteln.<br \/>Schnell zu erreichen.<\/p>\n<p>Der Freizeit\u00b7club von Aktion Weit\u00b7blick:<br \/>30 Minuten mit dem Bus.<br \/>Dort finden regelm\u00e4\u00dfig statt:<br \/>&#8211; Angebote<br \/>&#8211; Veranstaltungen<\/p>\n<p>Sie m\u00f6chten sich entspannen?<br \/>In der N\u00e4he:<br \/>Viele kleine Caf\u00e9s und Restaurants.<br \/>Zum Verweilen.<\/p>\n<p>Was k\u00f6nnen Sie in der Wohn\u00b7gruppe machen?<br \/>Im Garten:<br \/>&#8211; Entspannen<br \/>&#8211; G\u00e4rtnern<br \/>&#8211; Tisch\u00b7tennis spielen<br \/>Im Wohn\u00b7zimmer:<br \/>&#8211; Zusammen Spiele spielen<br \/>&#8211; Zusammen Filme schauen  <\/p>\n<p>Nach Wunsch und Ab\u00b7sprache der Bewohnenden sind m\u00f6glich:<br \/>&#8211; Gemeinsame Ausfl\u00fcge<br \/>&#8211; Einzel\u00b7ausfl\u00fcge<br \/>Zum Beispiel:<br \/>&#8211; Kahn\u00b7fahren im Spree\u00b7wald<br \/>&#8211; Gemeinsam in die Disco<br \/>&#8211; Besuche im Kino<br \/>&#8211; Besuche auf Konzerten<\/p>\n<h2><strong>Die Umgebung<\/strong><\/h2>\n<p>5 bis 15 Minuten zu Fu\u00df:<br \/>&#8211; Super\u00b7m\u00e4rkte<br \/>&#8211; Gesch\u00e4fte f\u00fcr den t\u00e4glichen Bedarf<br \/>&#8211; Banken<br \/>&#8211; Post<\/p>\n<p>In der N\u00e4he gibt es auch:<\/p>\n<ul>\n<li>Arzt\u00b7praxen<\/li>\n<li>Apotheken<\/li>\n<li>Restaurants und Caf\u00e9s<\/li>\n<li>St. Marien- Krankenhaus<\/li>\n<li>Wenkebach-Krankenhaus<\/li>\n<li>Gemeinde\u00b7haus mit verschiedenen Kultur\u00b7angeboten<\/li>\n<\/ul>\n<p>Die Bus\u00b7haltestellen sind schnell zu Fu\u00df erreichbar.<br \/>Mit dem Bus zur S-Bahn und U-Bahn:<br \/>5 bis 20 Minuten. <\/p>\n","protected":false},"excerpt":{"rendered":"<p>Will\u00b7kommen in der Wohn\u00b7gemeinschaft Lichtenrader Damm! Wer wohnt hier? 5 Menschen mit FASD (Fetale Alkohol\u00b7spektrum\u00b7st\u00f6rung).Ab 18 Jahren.Sie bekommen Eingliederungs\u00b7hilfe nach SGB IX. Menschen mit und ohne Tages\u00b7struktur R\u00e4ume Wo ist die Wohn\u00b7gemeinschaft?&#8211; Erd\u00b7geschoss (EG)&#8211; 1. Ober\u00b7geschoss (1. OG)In einem Mehr\u00b7familien\u00b7haus. Zwischen den Stock\u00b7werken:Eine Treppe in der Wohnung. Einzel\u00b7zimmer: 14\u201315 qm4 Zimmer haben einen Balkon oder [&hellip;]<\/p>\n","protected":false},"featured_media":12043,"template":"","weit_location_category":[268],"class_list":["post-12807","weit_location","type-weit_location","status-publish","has-post-thumbnail","hentry","weit_location_category-lichtenrade"],"acf":[],"_links":{"self":[{"href":"https:\/\/www.aktion-weitblick.de\/ls\/wp-json\/wp\/v2\/weit_locations\/12807","targetHints":{"allow":["GET"]}}],"collection":[{"href":"https:\/\/www.aktion-weitblick.de\/ls\/wp-json\/wp\/v2\/weit_locations"}],"about":[{"href":"https:\/\/www.aktion-weitblick.de\/ls\/wp-json\/wp\/v2\/types\/weit_location"}],"version-history":[{"count":2,"href":"https:\/\/www.aktion-weitblick.de\/ls\/wp-json\/wp\/v2\/weit_locations\/12807\/revisions"}],"predecessor-version":[{"id":12854,"href":"https:\/\/www.aktion-weitblick.de\/ls\/wp-json\/wp\/v2\/weit_locations\/12807\/revisions\/12854"}],"wp:featuredmedia":[{"embeddable":true,"href":"https:\/\/www.aktion-weitblick.de\/ls\/wp-json\/wp\/v2\/media\/12043"}],"wp:attachment":[{"href":"https:\/\/www.aktion-weitblick.de\/ls\/wp-json\/wp\/v2\/media?parent=12807"}],"wp:term":[{"taxonomy":"weit_location_category","embeddable":true,"href":"https:\/\/www.aktion-weitblick.de\/ls\/wp-json\/wp\/v2\/weit_location_category?post=12807"}],"curies":[{"name":"wp","href":"https:\/\/api.w.org\/{rel}","templated":true}]}}