{"id":12806,"date":"2023-08-11T10:02:41","date_gmt":"2023-08-11T08:02:41","guid":{"rendered":"https:\/\/www.aktion-weitblick.de\/standorte\/wg-06-seydlitzstrasse\/"},"modified":"2025-12-11T20:46:04","modified_gmt":"2025-12-11T19:46:04","slug":"wg-06-seydlitzstrasse","status":"publish","type":"weit_location","link":"https:\/\/www.aktion-weitblick.de\/ls\/standorte\/wg-06-seydlitzstrasse\/","title":{"rendered":"WG 06 Seydlitzstra\u00dfe"},"content":{"rendered":"<p>Will\u00b7kommen in der Wohn\u00b7gemeinschaft Seydlitz\u00b7stra\u00dfe.<\/p>\n<h2 id=\"wer-wohnt-hier\"><strong>Wer wohnt hier?<\/strong><\/h2>\n<ul>\n<li>5 Frauen und M\u00e4nner.<br \/>Mit geistiger Beeintr\u00e4chtigung.<br \/>Alter: 41 bis 62 Jahre.<\/li>\n<li>Menschen, die nachts keine Unterst\u00fctzung brauchen<\/li>\n<li>Menschen, die lang\u00b7fristig Unterst\u00fctzung und Begleitung brauchen.<br \/>In allen Lebens\u00b7bereichen.<br \/>Und bei der Um\u00b7setzung der Teil\u00b7habe\u00b7ziele.<\/li>\n<li>Menschen mit Tages\u00b7struktur au\u00dfer\u00b7halb.<br \/>Menschen ohne Tages\u00b7struktur au\u00dfer\u00b7halb.<\/li>\n<\/ul>\n<h2 id=\"raume\"><strong>R\u00e4ume <\/strong><\/h2>\n<p>Im Erd\u00b7geschoss und in der 4. Etage:<br \/>2 Wohnungen.<br \/>Dort wohnen die Bewohner und Bewohnerinnen der Wohn\u00b7gemeinschaft.<br \/>Jede Wohnung hat: <\/p>\n<ul>\n<li>Einzel\u00b7zimmer ab 14 Quadrat\u00b7meter<\/li>\n<li>Gemeinschafts\u00b7raum<\/li>\n<li>Balkon<\/li>\n<li>K\u00fcche<\/li>\n<li>Bade\u00b7zimmer mit Bade\u00b7wanne<\/li>\n<li>separates WC<br \/>Das hei\u00dft: eigene Toilette<\/li>\n<li>kleiner Abstell\u00b7raum<\/li>\n<li>nicht barriere\u00b7frei<\/li>\n<\/ul>\n<h2><strong>Ausstattung <\/strong><\/h2>\n<ul>\n<li>Aufzug<\/li>\n<li>Einbau\u00b7k\u00fcche<br \/>K\u00fcche fest eingebaut.<\/li>\n<li>Elektrische K\u00fcchen\u00b7ger\u00e4te<\/li>\n<li>Wasch\u00b7maschine<\/li>\n<\/ul>\n<h2><strong>So leben wir<\/strong><\/h2>\n<p>Betreuung jeden Tag.<br \/>Auch am Wochen\u00b7ende.<br \/>Samstag und Sonntag:<br \/>Jeweils 6 Stunden. <\/p>\n<p>Sie k\u00f6nnen in der Gruppe fr\u00fchst\u00fccken.<br \/>Wenn Sie m\u00f6chten.<br \/>Sie k\u00f6nnen gemeinsam mit den anderen kochen.<\/p>\n<p>Einmal in der Woche gibt es eine Gruppen\u00b7sitzung.<br \/>Alle nehmen teil.<br \/>Was wird besprochen?<br \/>&#8211; Aktuelle Themen<br \/>&#8211; Planung von Ausfl\u00fcgen<br \/>&#8211; Planung von Unternehmungen<br \/>&#8211; Konflikte und Probleme<br \/>&#8211; Positive Erlebnisse in der Wohn\u00b7gemeinschaft   <\/p>\n<p>Wir haben gemeinsame Regeln.<br \/>Damit sich alle wohl\u00b7f\u00fchlen.<br \/>Zum Beispiel:<br \/>&#8211; Besuchs\u00b7zeiten<br \/>&#8211; Privat\u00b7sph\u00e4re respektieren <\/p>\n<p>Gut zu wissen:<br \/>Kleine Haus\u00b7tiere im K\u00e4fig sind m\u00f6glich.<br \/>Nur nach Ab\u00b7sprache.<\/p>\n<h2><strong>Freizeit pur<\/strong><\/h2>\n<p>Die Wohn\u00b7gemeinschaft ist zentral.<br \/>Nah am Haupt\u00b7bahnhof.<br \/>F\u00fcr jeden etwas:<br \/>Sport, Erholung und mehr. <\/p>\n<p>Viele Gr\u00fcn\u00b7fl\u00e4chen in der N\u00e4he.<br \/>Gro\u00dfer Tier\u00b7garten:<br \/>&#8211; Joggen<br \/>&#8211; Frisbee<br \/>&#8211; Frische Luft<br \/>Spree\u00b7ufer:<br \/>&#8211; Spazieren<br \/>&#8211; Rad\u00b7fahren<br \/>&#8211; Sport<br \/>3 Parks um die Ecke:<br \/>&#8211; Fritz-Schlo\u00df-Park<br \/>&#8211; Geschichts\u00b7park<br \/>&#8211; Post\u00b7stadion-Anlagen    <\/p>\n<p>Sie schwimmen gerne?<br \/>Sie k\u00f6nnen ins Seydlitz\u00b7bad gehen.<br \/>In den Neben\u00b7stra\u00dfen: <br \/>Kleine Caf\u00e9s und Restaurants. <\/p>\n<h2><strong>Die Umgebung<\/strong><\/h2>\n<p>Ganz in der N\u00e4he:<br \/>&#8211; Viele Einkaufs\u00b7m\u00f6glichkeiten<br \/>&#8211; Banken<br \/>Im Haupt\u00b7bahnhof:<br \/>Auch sonntags einkaufen. <\/p>\n<p>In der N\u00e4he gibt es auch:<\/p>\n<ul>\n<li>Arzt\u00b7praxen<\/li>\n<li>Gesundheits\u00b7zentrum Moabit<br \/>Das war fr\u00fcher ein Kranken\u00b7haus.<\/li>\n<li>Viele M\u00f6glichkeiten im Sozial\u00b7raum:<br \/>&#8211; Sie k\u00f6nnen mit\u00b7machen<br \/>&#8211; Sie k\u00f6nnen Menschen treffen<\/li>\n<\/ul>\n<p>Zu Fu\u00df erreichbar:<br \/>&#8211; Bus\u00b7haltestellen<br \/>&#8211; S-Bahnh\u00f6fe und U-Bahnh\u00f6fe<br \/>&#8211; Haupt\u00b7bahnhof <\/p>\n","protected":false},"excerpt":{"rendered":"<p>Will\u00b7kommen in der Wohn\u00b7gemeinschaft Seydlitz\u00b7stra\u00dfe. Wer wohnt hier? 5 Frauen und M\u00e4nner.Mit geistiger Beeintr\u00e4chtigung.Alter: 41 bis 62 Jahre. Menschen, die nachts keine Unterst\u00fctzung brauchen Menschen, die lang\u00b7fristig Unterst\u00fctzung und Begleitung brauchen.In allen Lebens\u00b7bereichen.Und bei der Um\u00b7setzung der Teil\u00b7habe\u00b7ziele. Menschen mit Tages\u00b7struktur au\u00dfer\u00b7halb.Menschen ohne Tages\u00b7struktur au\u00dfer\u00b7halb. R\u00e4ume Im Erd\u00b7geschoss und in der 4. Etage:2 Wohnungen.Dort wohnen [&hellip;]<\/p>\n","protected":false},"featured_media":12043,"template":"","weit_location_category":[267],"class_list":["post-12806","weit_location","type-weit_location","status-publish","has-post-thumbnail","hentry","weit_location_category-mitte"],"acf":[],"_links":{"self":[{"href":"https:\/\/www.aktion-weitblick.de\/ls\/wp-json\/wp\/v2\/weit_locations\/12806","targetHints":{"allow":["GET"]}}],"collection":[{"href":"https:\/\/www.aktion-weitblick.de\/ls\/wp-json\/wp\/v2\/weit_locations"}],"about":[{"href":"https:\/\/www.aktion-weitblick.de\/ls\/wp-json\/wp\/v2\/types\/weit_location"}],"version-history":[{"count":2,"href":"https:\/\/www.aktion-weitblick.de\/ls\/wp-json\/wp\/v2\/weit_locations\/12806\/revisions"}],"predecessor-version":[{"id":12856,"href":"https:\/\/www.aktion-weitblick.de\/ls\/wp-json\/wp\/v2\/weit_locations\/12806\/revisions\/12856"}],"wp:featuredmedia":[{"embeddable":true,"href":"https:\/\/www.aktion-weitblick.de\/ls\/wp-json\/wp\/v2\/media\/12043"}],"wp:attachment":[{"href":"https:\/\/www.aktion-weitblick.de\/ls\/wp-json\/wp\/v2\/media?parent=12806"}],"wp:term":[{"taxonomy":"weit_location_category","embeddable":true,"href":"https:\/\/www.aktion-weitblick.de\/ls\/wp-json\/wp\/v2\/weit_location_category?post=12806"}],"curies":[{"name":"wp","href":"https:\/\/api.w.org\/{rel}","templated":true}]}}